{"id":97,"date":"2014-03-27T21:31:42","date_gmt":"2014-03-27T20:31:42","guid":{"rendered":"http:\/\/localhost\/wordpress\/?page_id=97"},"modified":"2025-04-07T15:37:45","modified_gmt":"2025-04-07T14:37:45","slug":"accueil","status":"publish","type":"page","link":"https:\/\/praz-decoupages.fr\/site\/","title":{"rendered":"Accueil"},"content":{"rendered":"<p><!--:fr--><b>Michel PRAZ<\/b>\u00a0est attir\u00e9 par la montagne d\u00e8s l\u2019\u00e2ge de 7 ans o\u00f9 d\u00e9j\u00e0, en groupe, il participe \u00e0 des randonn\u00e9es en Vanoise \u00e0 PEISEY-NANCROIX. Il quitte la Bourgogne en 1970 pour la r\u00e9gion parisienne et y exerce son m\u00e9tier de dessinateur en Architecture, les Week-ends se partagent entre la Bourgogne et les Alpes.<\/p>\n<p>En 1984 des circonstances l\u2019am\u00e8nent \u00e0 participer \u00e0 des tournages de films et des animations commerciales en parall\u00e8le de son activit\u00e9 d\u2019Architecture.<\/p>\n<p>Ce qui l\u2019am\u00e8ne en 1985 \u00e0 interrompre les randonn\u00e9es dans les Alpes Fran\u00e7aises \u00e0 CHAMONIX \u00e0 cause du public curieux et se r\u00e9fugie dans l\u2019OBERLAND BERNOIS \u00e0 GRINDELWALD o\u00f9 il est promu citoyen assidu en 1995.<\/p>\n<p>Cr\u00e9ation en 1998 d\u2019un groupe de randonneurs avec un ami Suisse de CHERNEX (VD).<\/p>\n<p>Toujours la passion de la montagne, la botanique, la culture des pays alpestres\u2026se partage entre la r\u00e9gion de CHAMONIX , les ALPES SUISSES, dont il appr\u00e9cie la diversit\u00e9 et les traditions.<\/p>\n<p>D\u00e9couvre \u00e9galement en 1998 le PAYS D\u2019ENHAUT et ses d\u00e9coupages, \u00e9merveill\u00e9 et curieux, il s\u2019essaie \u00e0 cet Art et r\u00e9alise en parfait autodidacte ses premiers d\u00e9coupages avec les conseils de grands d\u00e9coupeurs renomm\u00e9s.<\/p>\n<p>R\u00e9alisations de paysages, de sc\u00e8nes alpestres sur papier traditionnel et id\u00e9e de r\u00e9aliser des abat jour avec pour certains, incorporation de couleurs refl\u00e9tant par la lumi\u00e8re et la transparence les paysages, les fleurs, les sc\u00e8nes.<\/p>\n<p>Int\u00e9gr\u00e9 au sein de la \u00ab\u00a0Soci\u00e9t\u00e9 Suisse des d\u00e9coupeurs sur papier\u00a0\u00bb www.scherenschnitt.ch depuis plusieurs ann\u00e9es, ses ouvrages sont expos\u00e9s r\u00e9guli\u00e8rement en Suisse et en France.<\/p>\n<p>En 2005, il d\u00e9couvre BRIENZ canton de BERN, la beaut\u00e9 de son site, la magie de son lac. Une exposition permanente s&rsquo;ouvre \u00e0 ses ouvrages de 2012 et 2023. Depuis cet arr\u00eat, il recherche une nouvelle exposition que vous connaitrez en le contactant via son adresse mail disponible sur cette page : <a href=\"https:\/\/praz-decoupages.fr\/site\/contact\/\">Contact et liens<\/a> et \u00e0 voir \u00e9galement \u00e0 Saint Gingolph France au bord du lac L\u00e9man.<\/p>\n<blockquote>\n<p><strong style=\"font-size: revert; color: initial;\">Ce n&rsquo;est pas parce que les choses sont difficiles que nous n&rsquo;osons pas, mais parce que nous n&rsquo;osons pas que les choses sont difficiles.<\/strong><\/p>\n<\/blockquote>\n<p><em>De SENEQUE philosophe du 4\u00e8me si\u00e8cle av JC\u00a0<\/em><\/p>\n<p><!--:--><\/p>\n\n\n<p><\/p>\n","protected":false},"excerpt":{"rendered":"<p>Michel PRAZ\u00a0est attir\u00e9 par la montagne d\u00e8s l\u2019\u00e2ge de 7 ans o\u00f9 d\u00e9j\u00e0, en groupe, il participe \u00e0 des randonn\u00e9es en Vanoise \u00e0 PEISEY-NANCROIX. Il quitte la Bourgogne en 1970 pour la r\u00e9gion parisienne et y exerce son m\u00e9tier de &hellip; <a href=\"https:\/\/praz-decoupages.fr\/site\/\">Continue reading <span class=\"meta-nav\">&rarr;<\/span><\/a><\/p>\n","protected":false},"author":1,"featured_media":0,"parent":0,"menu_order":0,"comment_status":"closed","ping_status":"closed","template":"","meta":{"footnotes":""},"class_list":["post-97","page","type-page","status-publish","hentry"],"_links":{"self":[{"href":"https:\/\/praz-decoupages.fr\/site\/wp-json\/wp\/v2\/pages\/97","targetHints":{"allow":["GET"]}}],"collection":[{"href":"https:\/\/praz-decoupages.fr\/site\/wp-json\/wp\/v2\/pages"}],"about":[{"href":"https:\/\/praz-decoupages.fr\/site\/wp-json\/wp\/v2\/types\/page"}],"author":[{"embeddable":true,"href":"https:\/\/praz-decoupages.fr\/site\/wp-json\/wp\/v2\/users\/1"}],"replies":[{"embeddable":true,"href":"https:\/\/praz-decoupages.fr\/site\/wp-json\/wp\/v2\/comments?post=97"}],"version-history":[{"count":47,"href":"https:\/\/praz-decoupages.fr\/site\/wp-json\/wp\/v2\/pages\/97\/revisions"}],"predecessor-version":[{"id":522,"href":"https:\/\/praz-decoupages.fr\/site\/wp-json\/wp\/v2\/pages\/97\/revisions\/522"}],"wp:attachment":[{"href":"https:\/\/praz-decoupages.fr\/site\/wp-json\/wp\/v2\/media?parent=97"}],"curies":[{"name":"wp","href":"https:\/\/api.w.org\/{rel}","templated":true}]}}